{"id":183,"date":"2018-08-13T15:53:29","date_gmt":"2018-08-13T13:53:29","guid":{"rendered":"https:\/\/www.cantieribiasin.it\/horaires-tarifs\/"},"modified":"2025-10-27T18:07:17","modified_gmt":"2025-10-27T17:07:17","slug":"horaires-tarifs","status":"publish","type":"page","link":"https:\/\/www.cantieribiasin.it\/fr\/horaires-tarifs\/","title":{"rendered":"Horaires &#038; Tarifs"},"content":{"rendered":"<p>[vc_row row_type=\u00a0\u00bbrow\u00a0\u00bb use_row_as_full_screen_section=\u00a0\u00bbno\u00a0\u00bb type=\u00a0\u00bbgrid\u00a0\u00bb text_align=\u00a0\u00bbleft\u00a0\u00bb background_animation=\u00a0\u00bbnone\u00a0\u00bb padding_top=\u00a0\u00bb40&Prime; padding_bottom=\u00a0\u00bb40&Prime; css_animation=\u00a0\u00bb\u00a0\u00bb][vc_column width=\u00a0\u00bb1\/2&Prime;][vc_column_text]<\/p>\n<p style=\"text-align: center;\"><strong> Horaires d\u2019ouverture<br \/>\n<\/strong><\/p>\n<p>&nbsp;<\/p>\n<table class=\"orari-apertura\">\n<tbody>\n<tr>\n<td>Du 01.04.2026<\/td>\n<td>Au 08.05.2026<\/td>\n<td>09.00\/13.00 &#8211; 14.30\/19.00<\/td>\n<\/tr>\n<tr>\n<td>Du 09.05.2026<\/td>\n<td>Au 13.09.2026<\/td>\n<td>09.00\/13.00 &#8211; 14.30\/20.00<\/td>\n<\/tr>\n<tr>\n<td>Du 14.09.2026<\/td>\n<td>Au 04.10.2026<\/td>\n<td>09.00\/13.00 &#8211; 14.30\/19.00<\/td>\n<\/tr>\n<tr>\n<td>Du 05.10.2026<\/td>\n<td>Au 25.10.2026<\/td>\n<td>10.00\/13.00 &#8211; 14.30\/18.00<\/td>\n<\/tr>\n<tr>\n<td><\/td>\n<td><\/td>\n<td><\/td>\n<\/tr>\n<\/tbody>\n<\/table>\n<p>[\/vc_column_text][vc_empty_space height=\u00a0\u00bb20px\u00a0\u00bb][vc_column_text]<\/p>\n<p style=\"text-align: center;\">Pour plus d&rsquo;informations, <strong><a href=\"https:\/\/www.cantieribiasin.it\/fr\/contacts\/\">contactez-nous<\/a><\/strong><\/p>\n<p>[\/vc_column_text][\/vc_column][vc_column width=\u00a0\u00bb1\/2&Prime;][vc_single_image image=\u00a0\u00bb75&Prime; img_size=\u00a0\u00bb600&#215;400&Prime; alignment=\u00a0\u00bbcenter\u00a0\u00bb onclick=\u00a0\u00bbimg_link_large\u00a0\u00bb qode_css_animation=\u00a0\u00bb\u00a0\u00bb][\/vc_column][\/vc_row][vc_row row_type=\u00a0\u00bbrow\u00a0\u00bb use_row_as_full_screen_section=\u00a0\u00bbno\u00a0\u00bb type=\u00a0\u00bbfull_width\u00a0\u00bb text_align=\u00a0\u00bbleft\u00a0\u00bb background_animation=\u00a0\u00bbnone\u00a0\u00bb padding_top=\u00a0\u00bb40&Prime; padding_bottom=\u00a0\u00bb40&Prime; css_animation=\u00a0\u00bb\u00a0\u00bb][vc_column][vc_column_text]<\/p>\n<h3 style=\"text-align: center;\">Tarifs<\/h3>\n<p>[\/vc_column_text][vc_empty_space][vc_column_text]<\/p>\n<div id=\"contenuto_principale_tariffe\">\n<table class=\"orari-apertura\" width=\"100%\">\n<tbody>\n<tr>\n<th>CAT.<\/th>\n<th>LONGUEUR<\/th>\n<th>ANNUEL<\/th>\n<\/tr>\n<tr>\n<td>XII<\/td>\n<td>Jusqu&rsquo;\u00e0 m\u00e8tres 8,00<\/td>\n<td>\u20ac. 5.780,00<\/td>\n<\/tr>\n<tr>\n<td>XI<\/td>\n<td>Jusqu&rsquo;\u00e0 m\u00e8tres 7,50<\/td>\n<td>\u20ac 4.820,00<\/td>\n<\/tr>\n<tr>\n<td>X<\/td>\n<td>Jusqu&rsquo;\u00e0 m\u00e8tres 7,00<\/td>\n<td>\u20ac 4.060,00<\/td>\n<\/tr>\n<tr>\n<td>IX<\/td>\n<td>Jusqu&rsquo;\u00e0 m\u00e8tres 6,50<\/td>\n<td>\u20ac 3.380,00<\/td>\n<\/tr>\n<tr>\n<td>VIII<\/td>\n<td>Jusqu&rsquo;\u00e0 m\u00e8tres 6,00<\/td>\n<td>\u20ac 2.880,00<\/td>\n<\/tr>\n<\/tbody>\n<\/table>\n<p>&nbsp;<\/p>\n<\/div>\n<p>[\/vc_column_text][vc_empty_space][vc_column_text]Les tarifs comprennent : les op\u00e9rations de mise \u00e0 l&rsquo;eau\/halage, la location des nacelles, l&rsquo;utilisation de l&rsquo;eau courante, TVA 22%<\/p>\n<p>&#8211; Si le bateau d\u00e9passe mt. 1,80 de large, le tarif de la cat\u00e9gorie 1 fois sup\u00e9rieure s&rsquo;applique.<br \/>\n&#8211; Si le bateau d\u00e9passe mt. 2.00 de large, le tarif de la cat\u00e9gorie 2 fois sup\u00e9rieure s&rsquo;applique.<br \/>\n&#8211; Si le bateau d\u00e9passe mt. 2,20 de large, le tarif de la cat\u00e9gorie 3 fois sup\u00e9rieure s&rsquo;applique.<br \/>\n&#8211; Les mesures se r\u00e9f\u00e8rent aux dimensions maximales du bateau, y compris \u00e9galement tout ce qui d\u00e9passe de la coque.<br \/>\n&#8211; Les tarifs sont forfaitaires et le paiement pour la p\u00e9riode s\u00e9lectionn\u00e9e est effectu\u00e9 \u00e0 l&rsquo;avance.[\/vc_column_text][vc_empty_space][vc_column_text][\/vc_column_text][\/vc_column][\/vc_row]<\/p>\n","protected":false},"excerpt":{"rendered":"<p>[vc_row row_type=\u00a0\u00bbrow\u00a0\u00bb use_row_as_full_screen_section=\u00a0\u00bbno\u00a0\u00bb type=\u00a0\u00bbgrid\u00a0\u00bb text_align=\u00a0\u00bbleft\u00a0\u00bb background_animation=\u00a0\u00bbnone\u00a0\u00bb padding_top=\u00a0\u00bb40&Prime; padding_bottom=\u00a0\u00bb40&Prime; css_animation=\u00a0\u00bb\u00a0\u00bb][vc_column width=\u00a0\u00bb1\/2&Prime;][vc_column_text] Horaires d\u2019ouverture &nbsp; Du 01.04.2026 Au 08.05.2026 09.00\/13.00 &#8211; 14.30\/19.00 Du 09.05.2026 Au 13.09.2026 09.00\/13.00 &#8211; 14.30\/20.00 Du 14.09.2026 Au 04.10.2026 09.00\/13.00 &#8211; 14.30\/19.00 Du 05.10.2026 Au 25.10.2026 10.00\/13.00 &#8211; 14.30\/18.00 [\/vc_column_text][vc_empty_space height=\u00a0\u00bb20px\u00a0\u00bb][vc_column_text] Pour plus&#8230;<\/p>\n","protected":false},"author":1,"featured_media":0,"parent":0,"menu_order":0,"comment_status":"closed","ping_status":"closed","template":"","meta":[],"aioseo_notices":[],"_links":{"self":[{"href":"https:\/\/www.cantieribiasin.it\/fr\/wp-json\/wp\/v2\/pages\/183"}],"collection":[{"href":"https:\/\/www.cantieribiasin.it\/fr\/wp-json\/wp\/v2\/pages"}],"about":[{"href":"https:\/\/www.cantieribiasin.it\/fr\/wp-json\/wp\/v2\/types\/page"}],"author":[{"embeddable":true,"href":"https:\/\/www.cantieribiasin.it\/fr\/wp-json\/wp\/v2\/users\/1"}],"replies":[{"embeddable":true,"href":"https:\/\/www.cantieribiasin.it\/fr\/wp-json\/wp\/v2\/comments?post=183"}],"version-history":[{"count":39,"href":"https:\/\/www.cantieribiasin.it\/fr\/wp-json\/wp\/v2\/pages\/183\/revisions"}],"predecessor-version":[{"id":392,"href":"https:\/\/www.cantieribiasin.it\/fr\/wp-json\/wp\/v2\/pages\/183\/revisions\/392"}],"wp:attachment":[{"href":"https:\/\/www.cantieribiasin.it\/fr\/wp-json\/wp\/v2\/media?parent=183"}],"curies":[{"name":"wp","href":"https:\/\/api.w.org\/{rel}","templated":true}]}}